{"id":811,"date":"2015-07-07T10:14:12","date_gmt":"2015-07-07T09:14:12","guid":{"rendered":"http:\/\/pierreisorni.com\/?page_id=811"},"modified":"2017-08-21T18:38:03","modified_gmt":"2017-08-21T17:38:03","slug":"chronologie","status":"publish","type":"page","link":"https:\/\/www.pierre-isorni.fr\/?page_id=811","title":{"rendered":"CHRONOLOGIE"},"content":{"rendered":"<div id=\"pl-811\"  class=\"panel-layout\" ><div id=\"pg-811-0\"  class=\"panel-grid panel-no-style\" ><div id=\"pgc-811-0-0\"  class=\"panel-grid-cell\" ><div id=\"panel-811-0-0-0\" class=\"so-panel widget widget_sow-image panel-first-child panel-last-child\" data-index=\"0\" ><div\n\t\t\t\n\t\t\tclass=\"so-widget-sow-image so-widget-sow-image-default-8b5b6f678277-811\"\n\t\t\t\n\t\t>\n<div class=\"sow-image-container\">\n\t\t<img \n\tsrc=\"https:\/\/www.pierre-isorni.fr\/wp-content\/uploads\/2015\/07\/BIR93541.jpg\" width=\"566\" height=\"1800\" srcset=\"https:\/\/www.pierre-isorni.fr\/wp-content\/uploads\/2015\/07\/BIR93541.jpg 566w, https:\/\/www.pierre-isorni.fr\/wp-content\/uploads\/2015\/07\/BIR93541-94x300.jpg 94w, https:\/\/www.pierre-isorni.fr\/wp-content\/uploads\/2015\/07\/BIR93541-322x1024.jpg 322w\" sizes=\"(max-width: 566px) 100vw, 566px\" title=\"66x21 cm\tHM\nHuile sur toile\n1970\" alt=\"\" \t\tclass=\"so-widget-image\"\/>\n\t<\/div>\n\n<\/div><\/div><\/div><div id=\"pgc-811-0-1\"  class=\"panel-grid-cell\" ><div id=\"panel-811-0-1-0\" class=\"so-panel widget widget_sow-editor panel-first-child panel-last-child\" data-index=\"1\" ><div\n\t\t\t\n\t\t\tclass=\"so-widget-sow-editor so-widget-sow-editor-base\"\n\t\t\t\n\t\t>\n<div class=\"siteorigin-widget-tinymce textwidget\">\n\t<p><span style=\"color: #999999;\"><strong>26 juin 1910<\/strong><\/span><br \/> Naissance \u00e0 Paris d'une m\u00e8re fran\u00e7aise et d'un p\u00e8re d'origine italienne.<\/p>\n<p><span style=\"color: #999999;\"><strong>1927<\/strong><\/span><br \/> Apr\u00e8s l'\u00e9cole des Fr\u00e8res, Louis Le Grand puis l'\u00e9cole Alsacienne il entre \u00e0 l'\u00e9cole des Beaux-Arts en 1927 dans l'atelier d'Ernest Laurent, ami de Seurat.<\/p>\n<p><span style=\"color: #999999;\"><strong>1929<\/strong><\/span><br \/> Il fait la connaissance de <a href=\"http:\/\/www.georgedesvallieres.com\/\"><strong>George Desvalli\u00e8res<\/strong><\/a> et de sa famille ainsi que de Louis Latapie et se lie avec lui d'une amiti\u00e9 durable.<\/p>\n<p><span style=\"color: #999999;\"><strong>1930<\/strong><\/span><br \/> \u00c9pouse <a href=\"http:\/\/erreip-desvallieres.fr\"><strong>Monique Desvalli\u00e8res<\/strong><\/a>, \u00e9galement artiste peintre sous le nom de <a href=\"http:\/\/erreip-desvallieres.fr\">Erreip-Desvalli\u00e8res <\/a>et s'installe \u00e0 Paris 14, rue Saint-Marc.<\/p>\n<p><span style=\"color: #999999;\"><strong>1932<\/strong><\/span><br \/> Expose r\u00e9guli\u00e8rement des toiles de grandes dimensions au Salon d'Automne jusqu'\u00e0 la guerre. En 1932, \u00e0 la demande d'un ami, il se rend \u00e0 Bruxelles et ex\u00e9cute le portrait du Comte de Paris en exil.<\/p>\n<p><span style=\"color: #999999;\"><strong>1933<\/strong><\/span><br \/> Avec Desvalli\u00e8res, il rencontre Matisse \u00e0 Nice.<br \/> <span style=\"color: #999999;\"><strong>1936<\/strong><\/span><br \/> Rencontre avec Raoul Dufy qu'il estime mais qui lui conseille de se pr\u00e9parer \u00e0 la lutte pour r\u00e9sister aux atteintes des d\u00e9sillusions et de l'insucc\u00e9s.<\/p>\n<p><span style=\"color: #999999;\"><strong>1939<\/strong><\/span><br \/> Mobilis\u00e9, il fait de nombreux portraits pendant la dr\u00f4le de guerre.<\/p>\n<p><span style=\"color: #999999;\"><strong>1940<\/strong><\/span><br \/> D\u00e9mobilis\u00e9, il s'installe \u00e0 Seine-Port pour la dur\u00e9e de la guerre. Travaille avec George Desvalli\u00e8res \u00e0 l' \u00e9x\u00e9cution de ses d\u00e9corations religieuses. Re\u00e7oit le prix Blumenthal. Accapar\u00e9 par les probl\u00e8mes d'intendances sa production est plus restreinte mais s enrichit pendant cette p\u00e9riode.<\/p>\n<p><span style=\"color: #999999;\"><strong>1945<\/strong><\/span><br \/> Il rentre \u00e0 Paris, reprend son travail, expose de nouveau au Salon d'Automne mais progressivement se d\u00e9tache et n'expose plus que tr\u00e8s rarement. Il choisit l'isolement et la m\u00e9ditation plutot que la confrontation o\u00f9 il se sent d\u00e9pays\u00e9. Il d\u00e9truit de nombreuses toiles et aborde sa p\u00e9riode abstraite en continuant la figurative.<\/p>\n<p><span style=\"color: #999999;\"><strong>1948<\/strong><\/span><br \/> Il voyage en Italie et \u00e0 son retour par le Tessin \u00e0 Locarno o\u00f9 il r\u00e9sidera six mois, il ex\u00e9cutera sur place une commande de portraits ainsi que des paysages.<\/p>\n<p><span style=\"color: #999999;\"><strong>1956<\/strong><\/span><br \/> Apr\u00e8s plusieurs ann\u00e9es d'un repli productif, encourag\u00e9 par Maximilien Gauthier il expose une centaine de toiles dans les salles du Cercle Volney \u00e0 Paris. Premiers succ\u00e8s et achats de l'\u00c9tat.<\/p>\n<p><span style=\"color: #999999;\"><strong>1970<\/strong><\/span><br \/> S'ouvre une p\u00e9riode riche et productive o\u00f9 il partagera son temps entre la France et l' Espagne o\u00f9 il mourra le 21 mars 1998.<\/p>\n<\/div>\n<\/div><\/div><\/div><\/div><\/div>","protected":false},"excerpt":{"rendered":"<p>26 juin 1910 Naissance \u00e0 Paris d&rsquo;une m\u00e8re fran\u00e7aise et d&rsquo;un p\u00e8re d&rsquo;origine italienne.1927 Apr\u00e8s l&rsquo;\u00e9cole des Fr\u00e8res, Louis Le Grand puis l&rsquo;\u00e9cole Alsacienne il entre \u00e0 l&rsquo;\u00e9cole des Beaux-Arts en 1927 dans l&rsquo;atelier d&rsquo;Ernest Laurent, ami de Seurat.1929 Il fait la connaissance de George Desvalli\u00e8res et de sa famille ainsi que de Louis Latapie [&hellip;]<\/p>\n","protected":false},"author":1,"featured_media":0,"parent":0,"menu_order":3,"comment_status":"closed","ping_status":"closed","template":"","meta":{"footnotes":""},"class_list":["post-811","page","type-page","status-publish","hentry","post"],"_links":{"self":[{"href":"https:\/\/www.pierre-isorni.fr\/index.php?rest_route=\/wp\/v2\/pages\/811","targetHints":{"allow":["GET"]}}],"collection":[{"href":"https:\/\/www.pierre-isorni.fr\/index.php?rest_route=\/wp\/v2\/pages"}],"about":[{"href":"https:\/\/www.pierre-isorni.fr\/index.php?rest_route=\/wp\/v2\/types\/page"}],"author":[{"embeddable":true,"href":"https:\/\/www.pierre-isorni.fr\/index.php?rest_route=\/wp\/v2\/users\/1"}],"replies":[{"embeddable":true,"href":"https:\/\/www.pierre-isorni.fr\/index.php?rest_route=%2Fwp%2Fv2%2Fcomments&post=811"}],"version-history":[{"count":16,"href":"https:\/\/www.pierre-isorni.fr\/index.php?rest_route=\/wp\/v2\/pages\/811\/revisions"}],"predecessor-version":[{"id":3511,"href":"https:\/\/www.pierre-isorni.fr\/index.php?rest_route=\/wp\/v2\/pages\/811\/revisions\/3511"}],"wp:attachment":[{"href":"https:\/\/www.pierre-isorni.fr\/index.php?rest_route=%2Fwp%2Fv2%2Fmedia&parent=811"}],"curies":[{"name":"wp","href":"https:\/\/api.w.org\/{rel}","templated":true}]}}