{"id":2829,"date":"2017-01-13T17:11:24","date_gmt":"2017-01-13T16:11:24","guid":{"rendered":"http:\/\/www.pierre-isorni.fr\/?page_id=2829"},"modified":"2017-02-05T20:25:17","modified_gmt":"2017-02-05T19:25:17","slug":"photos","status":"publish","type":"page","link":"https:\/\/www.pierre-isorni.fr\/?page_id=2829","title":{"rendered":"Photos"},"content":{"rendered":"<div id=\"pl-2829\"  class=\"panel-layout\" ><div id=\"pg-2829-0\"  class=\"panel-grid panel-no-style\" ><div id=\"pgc-2829-0-0\"  class=\"panel-grid-cell\" ><div id=\"panel-2829-0-0-0\" class=\"so-panel widget widget_sow-editor panel-first-child panel-last-child\" data-index=\"0\" ><div\n\t\t\t\n\t\t\tclass=\"so-widget-sow-editor so-widget-sow-editor-base\"\n\t\t\t\n\t\t><h3 class=\"widget-title\">Pierre Isorni 1928<\/h3>\n<div class=\"siteorigin-widget-tinymce textwidget\">\n\t<p><img loading=\"lazy\" decoding=\"async\" class=\"alignnone size-full wp-image-2831\" src=\"http:\/\/www.pierre-isorni.fr\/wp-content\/uploads\/2017\/01\/1919new.jpg\" alt=\"1919new\" width=\"634\" height=\"924\" srcset=\"https:\/\/www.pierre-isorni.fr\/wp-content\/uploads\/2017\/01\/1919new.jpg 634w, https:\/\/www.pierre-isorni.fr\/wp-content\/uploads\/2017\/01\/1919new-206x300.jpg 206w\" sizes=\"auto, (max-width: 634px) 100vw, 634px\" \/><\/p>\n<span class=\"\" style=\"display:block;clear:both;height: 0px;padding-top: 30px;border-top-width:0px;border-bottom-width:0px;\"><\/span>\n<\/div>\n<\/div><\/div><\/div><\/div><div id=\"pg-2829-1\"  class=\"panel-grid panel-no-style\" ><div id=\"pgc-2829-1-0\"  class=\"panel-grid-cell\" ><div id=\"panel-2829-1-0-0\" class=\"so-panel widget widget_sow-editor panel-first-child panel-last-child\" data-index=\"1\" ><div\n\t\t\t\n\t\t\tclass=\"so-widget-sow-editor so-widget-sow-editor-base\"\n\t\t\t\n\t\t><h3 class=\"widget-title\">Villers sur Mer \u00e0 l'atelier  <\/h3>\n<div class=\"siteorigin-widget-tinymce textwidget\">\n\t<p><img loading=\"lazy\" decoding=\"async\" class=\"alignnone size-full wp-image-2835\" src=\"http:\/\/www.pierre-isorni.fr\/wp-content\/uploads\/2017\/01\/Pierre-atelier-new.jpg\" alt=\"Pierre atelier new\" width=\"591\" height=\"917\" srcset=\"https:\/\/www.pierre-isorni.fr\/wp-content\/uploads\/2017\/01\/Pierre-atelier-new.jpg 591w, https:\/\/www.pierre-isorni.fr\/wp-content\/uploads\/2017\/01\/Pierre-atelier-new-193x300.jpg 193w\" sizes=\"auto, (max-width: 591px) 100vw, 591px\" \/><\/p>\n<span class=\"\" style=\"display:block;clear:both;height: 0px;padding-top: 30px;border-top-width:0px;border-bottom-width:0px;\"><\/span>\n<\/div>\n<\/div><\/div><\/div><\/div><div id=\"pg-2829-2\"  class=\"panel-grid panel-no-style\" ><div id=\"pgc-2829-2-0\"  class=\"panel-grid-cell\" ><div id=\"panel-2829-2-0-0\" class=\"so-panel widget widget_sow-editor panel-first-child panel-last-child\" data-index=\"2\" ><div\n\t\t\t\n\t\t\tclass=\"so-widget-sow-editor so-widget-sow-editor-base\"\n\t\t\t\n\t\t><h3 class=\"widget-title\">La dr\u00f4le de guerre ( 1939 )<\/h3>\n<div class=\"siteorigin-widget-tinymce textwidget\">\n\t<p><img loading=\"lazy\" decoding=\"async\" class=\"alignnone size-full wp-image-2840\" src=\"http:\/\/www.pierre-isorni.fr\/wp-content\/uploads\/2017\/01\/pierre-la-drole-de-guerre.jpg\" alt=\"pierre la drole de guerre\" width=\"930\" height=\"624\" srcset=\"https:\/\/www.pierre-isorni.fr\/wp-content\/uploads\/2017\/01\/pierre-la-drole-de-guerre.jpg 930w, https:\/\/www.pierre-isorni.fr\/wp-content\/uploads\/2017\/01\/pierre-la-drole-de-guerre-300x201.jpg 300w, https:\/\/www.pierre-isorni.fr\/wp-content\/uploads\/2017\/01\/pierre-la-drole-de-guerre-768x515.jpg 768w, https:\/\/www.pierre-isorni.fr\/wp-content\/uploads\/2017\/01\/pierre-la-drole-de-guerre-272x182.jpg 272w\" sizes=\"auto, (max-width: 930px) 100vw, 930px\" \/><\/p>\n<span class=\"\" style=\"display:block;clear:both;height: 0px;padding-top: 30px;border-top-width:0px;border-bottom-width:0px;\"><\/span>\n<\/div>\n<\/div><\/div><\/div><\/div><div id=\"pg-2829-3\"  class=\"panel-grid panel-no-style\" ><div id=\"pgc-2829-3-0\"  class=\"panel-grid-cell\" ><div id=\"panel-2829-3-0-0\" class=\"so-panel widget widget_sow-editor panel-first-child panel-last-child\" data-index=\"3\" ><div\n\t\t\t\n\t\t\tclass=\"so-widget-sow-editor so-widget-sow-editor-base\"\n\t\t\t\n\t\t><h3 class=\"widget-title\">Anniversaire Pierre Isorni avec George Desvalli\u00e8res ( mine de phosphate d'Alsace ) <\/h3>\n<div class=\"siteorigin-widget-tinymce textwidget\">\n\t<p><img loading=\"lazy\" decoding=\"async\" class=\"alignnone size-full wp-image-2844\" src=\"http:\/\/www.pierre-isorni.fr\/wp-content\/uploads\/2017\/01\/Pierre-vingti\u00e8me-anniversaire.jpg\" alt=\"Pierre vingti\u00e8me anniversaire\" width=\"727\" height=\"452\" srcset=\"https:\/\/www.pierre-isorni.fr\/wp-content\/uploads\/2017\/01\/Pierre-vingti\u00e8me-anniversaire.jpg 727w, https:\/\/www.pierre-isorni.fr\/wp-content\/uploads\/2017\/01\/Pierre-vingti\u00e8me-anniversaire-300x187.jpg 300w, https:\/\/www.pierre-isorni.fr\/wp-content\/uploads\/2017\/01\/Pierre-vingti\u00e8me-anniversaire-436x272.jpg 436w\" sizes=\"auto, (max-width: 727px) 100vw, 727px\" \/><\/p>\n<span class=\"\" style=\"display:block;clear:both;height: 0px;padding-top: 30px;border-top-width:0px;border-bottom-width:0px;\"><\/span>\n<\/div>\n<\/div><\/div><\/div><\/div><div id=\"pg-2829-4\"  class=\"panel-grid panel-no-style\" ><div id=\"pgc-2829-4-0\"  class=\"panel-grid-cell\" ><div id=\"panel-2829-4-0-0\" class=\"so-panel widget widget_sow-editor panel-first-child panel-last-child\" data-index=\"4\" ><div\n\t\t\t\n\t\t\tclass=\"so-widget-sow-editor so-widget-sow-editor-base\"\n\t\t\t\n\t\t><h3 class=\"widget-title\">Alsace Pierre Isorni avec George Desvalli\u00e8res<\/h3>\n<div class=\"siteorigin-widget-tinymce textwidget\">\n\t<p><img loading=\"lazy\" decoding=\"async\" class=\"alignnone size-full wp-image-2834\" src=\"http:\/\/www.pierre-isorni.fr\/wp-content\/uploads\/2017\/01\/Pierre-Alsace-GD-new.jpg\" alt=\"Pierre Alsace GD new\" width=\"446\" height=\"709\" srcset=\"https:\/\/www.pierre-isorni.fr\/wp-content\/uploads\/2017\/01\/Pierre-Alsace-GD-new.jpg 446w, https:\/\/www.pierre-isorni.fr\/wp-content\/uploads\/2017\/01\/Pierre-Alsace-GD-new-189x300.jpg 189w\" sizes=\"auto, (max-width: 446px) 100vw, 446px\" \/><\/p>\n<span class=\"\" style=\"display:block;clear:both;height: 0px;padding-top: 30px;border-top-width:0px;border-bottom-width:0px;\"><\/span>\n<\/div>\n<\/div><\/div><\/div><\/div><div id=\"pg-2829-5\"  class=\"panel-grid panel-no-style\" ><div id=\"pgc-2829-5-0\"  class=\"panel-grid-cell\" ><div id=\"panel-2829-5-0-0\" class=\"so-panel widget widget_sow-editor panel-first-child panel-last-child\" data-index=\"5\" ><div\n\t\t\t\n\t\t\tclass=\"so-widget-sow-editor so-widget-sow-editor-base\"\n\t\t\t\n\t\t><h3 class=\"widget-title\">Pierre et Flavie<\/h3>\n<div class=\"siteorigin-widget-tinymce textwidget\">\n\t<p><img loading=\"lazy\" decoding=\"async\" class=\"alignnone size-full wp-image-2837\" src=\"http:\/\/www.pierre-isorni.fr\/wp-content\/uploads\/2017\/01\/Pierre-et-Flavie-new.jpg\" alt=\"Pierre et Flavie new\" width=\"327\" height=\"432\" srcset=\"https:\/\/www.pierre-isorni.fr\/wp-content\/uploads\/2017\/01\/Pierre-et-Flavie-new.jpg 327w, https:\/\/www.pierre-isorni.fr\/wp-content\/uploads\/2017\/01\/Pierre-et-Flavie-new-227x300.jpg 227w\" sizes=\"auto, (max-width: 327px) 100vw, 327px\" \/><\/p>\n<span class=\"\" style=\"display:block;clear:both;height: 0px;padding-top: 30px;border-top-width:0px;border-bottom-width:0px;\"><\/span>\n<\/div>\n<\/div><\/div><\/div><\/div><div id=\"pg-2829-6\"  class=\"panel-grid panel-no-style\" ><div id=\"pgc-2829-6-0\"  class=\"panel-grid-cell\" ><div id=\"panel-2829-6-0-0\" class=\"so-panel widget widget_sow-editor panel-first-child\" data-index=\"6\" ><div\n\t\t\t\n\t\t\tclass=\"so-widget-sow-editor so-widget-sow-editor-base\"\n\t\t\t\n\t\t><h3 class=\"widget-title\">Pierre Isorni \u00e0 Seine-Port \u00e0 la Broquette 1957<\/h3>\n<div class=\"siteorigin-widget-tinymce textwidget\">\n\t<p><img loading=\"lazy\" decoding=\"async\" class=\"alignnone size-full wp-image-2843\" src=\"http:\/\/www.pierre-isorni.fr\/wp-content\/uploads\/2017\/01\/Pierre-SP-1957.jpg\" alt=\"Pierre SP 1957\" width=\"623\" height=\"628\" srcset=\"https:\/\/www.pierre-isorni.fr\/wp-content\/uploads\/2017\/01\/Pierre-SP-1957.jpg 623w, https:\/\/www.pierre-isorni.fr\/wp-content\/uploads\/2017\/01\/Pierre-SP-1957-150x150.jpg 150w, https:\/\/www.pierre-isorni.fr\/wp-content\/uploads\/2017\/01\/Pierre-SP-1957-298x300.jpg 298w\" sizes=\"auto, (max-width: 623px) 100vw, 623px\" \/><\/p>\n<span class=\"\" style=\"display:block;clear:both;height: 0px;padding-top: 30px;border-top-width:0px;border-bottom-width:0px;\"><\/span>\n<\/div>\n<\/div><\/div><div id=\"panel-2829-6-0-1\" class=\"so-panel widget widget_sow-editor panel-last-child\" data-index=\"7\" ><div\n\t\t\t\n\t\t\tclass=\"so-widget-sow-editor so-widget-sow-editor-base\"\n\t\t\t\n\t\t><h3 class=\"widget-title\">L'atelier<\/h3>\n<div class=\"siteorigin-widget-tinymce textwidget\">\n\t<p><img loading=\"lazy\" decoding=\"async\" class=\"alignnone  wp-image-2832\" src=\"http:\/\/www.pierre-isorni.fr\/wp-content\/uploads\/2017\/01\/Atelier-new.jpg\" alt=\"Atelier new\" width=\"2122\" height=\"2094\" srcset=\"https:\/\/www.pierre-isorni.fr\/wp-content\/uploads\/2017\/01\/Atelier-new.jpg 2121w, https:\/\/www.pierre-isorni.fr\/wp-content\/uploads\/2017\/01\/Atelier-new-300x296.jpg 300w, https:\/\/www.pierre-isorni.fr\/wp-content\/uploads\/2017\/01\/Atelier-new-768x758.jpg 768w, https:\/\/www.pierre-isorni.fr\/wp-content\/uploads\/2017\/01\/Atelier-new-1024x1010.jpg 1024w\" sizes=\"auto, (max-width: 2122px) 100vw, 2122px\" \/><\/p>\n<span class=\"\" style=\"display:block;clear:both;height: 0px;padding-top: 30px;border-top-width:0px;border-bottom-width:0px;\"><\/span>\n<\/div>\n<\/div><\/div><\/div><\/div><div id=\"pg-2829-7\"  class=\"panel-grid panel-no-style\" ><div id=\"pgc-2829-7-0\"  class=\"panel-grid-cell\" ><div id=\"panel-2829-7-0-0\" class=\"so-panel widget widget_sow-editor panel-first-child panel-last-child\" data-index=\"8\" ><div\n\t\t\t\n\t\t\tclass=\"so-widget-sow-editor so-widget-sow-editor-base\"\n\t\t\t\n\t\t><h3 class=\"widget-title\">Pierre Isorni dans son atelier 1962 \u00e0 Paris<\/h3>\n<div class=\"siteorigin-widget-tinymce textwidget\">\n\t<p><img loading=\"lazy\" decoding=\"async\" class=\"alignnone size-full wp-image-2841\" src=\"http:\/\/www.pierre-isorni.fr\/wp-content\/uploads\/2017\/01\/Pierre-new.jpg\" alt=\"Pierre new\" width=\"2149\" height=\"1335\" srcset=\"https:\/\/www.pierre-isorni.fr\/wp-content\/uploads\/2017\/01\/Pierre-new.jpg 2149w, https:\/\/www.pierre-isorni.fr\/wp-content\/uploads\/2017\/01\/Pierre-new-300x186.jpg 300w, https:\/\/www.pierre-isorni.fr\/wp-content\/uploads\/2017\/01\/Pierre-new-768x477.jpg 768w, https:\/\/www.pierre-isorni.fr\/wp-content\/uploads\/2017\/01\/Pierre-new-1024x636.jpg 1024w, https:\/\/www.pierre-isorni.fr\/wp-content\/uploads\/2017\/01\/Pierre-new-436x272.jpg 436w\" sizes=\"auto, (max-width: 2149px) 100vw, 2149px\" \/><\/p>\n<span class=\"\" style=\"display:block;clear:both;height: 0px;padding-top: 30px;border-top-width:0px;border-bottom-width:0px;\"><\/span>\n<\/div>\n<\/div><\/div><\/div><\/div><div id=\"pg-2829-8\"  class=\"panel-grid panel-no-style\" ><div id=\"pgc-2829-8-0\"  class=\"panel-grid-cell\" ><div id=\"panel-2829-8-0-0\" class=\"so-panel widget widget_sow-editor panel-first-child panel-last-child\" data-index=\"9\" ><div\n\t\t\t\n\t\t\tclass=\"so-widget-sow-editor so-widget-sow-editor-base\"\n\t\t\t\n\t\t><h3 class=\"widget-title\">Pierre Isorni dans son atelier \u00e0 Paris 1962 <\/h3>\n<div class=\"siteorigin-widget-tinymce textwidget\">\n\t<p><img loading=\"lazy\" decoding=\"async\" class=\"alignnone size-full wp-image-2833\" src=\"http:\/\/www.pierre-isorni.fr\/wp-content\/uploads\/2017\/01\/Pierre-2-new.jpg\" alt=\"Pierre 2 new\" width=\"2060\" height=\"1382\" srcset=\"https:\/\/www.pierre-isorni.fr\/wp-content\/uploads\/2017\/01\/Pierre-2-new.jpg 2060w, https:\/\/www.pierre-isorni.fr\/wp-content\/uploads\/2017\/01\/Pierre-2-new-300x201.jpg 300w, https:\/\/www.pierre-isorni.fr\/wp-content\/uploads\/2017\/01\/Pierre-2-new-768x515.jpg 768w, https:\/\/www.pierre-isorni.fr\/wp-content\/uploads\/2017\/01\/Pierre-2-new-1024x687.jpg 1024w, https:\/\/www.pierre-isorni.fr\/wp-content\/uploads\/2017\/01\/Pierre-2-new-272x182.jpg 272w\" sizes=\"auto, (max-width: 2060px) 100vw, 2060px\" \/><\/p>\n<span class=\"\" style=\"display:block;clear:both;height: 0px;padding-top: 30px;border-top-width:0px;border-bottom-width:0px;\"><\/span>\n<\/div>\n<\/div><\/div><\/div><\/div><div id=\"pg-2829-9\"  class=\"panel-grid panel-no-style\" ><div id=\"pgc-2829-9-0\"  class=\"panel-grid-cell\" ><div id=\"panel-2829-9-0-0\" class=\"so-panel widget widget_sow-editor panel-first-child\" data-index=\"10\" ><div\n\t\t\t\n\t\t\tclass=\"so-widget-sow-editor so-widget-sow-editor-base\"\n\t\t\t\n\t\t><h3 class=\"widget-title\">Peinture en plein air \u00e0 la Broquette 1964<\/h3>\n<div class=\"siteorigin-widget-tinymce textwidget\">\n\t<p><img loading=\"lazy\" decoding=\"async\" class=\"alignnone size-full wp-image-2847\" src=\"http:\/\/www.pierre-isorni.fr\/wp-content\/uploads\/2017\/01\/SP-1964-new.jpg\" alt=\"SP 1964 new\" width=\"1682\" height=\"1662\" srcset=\"https:\/\/www.pierre-isorni.fr\/wp-content\/uploads\/2017\/01\/SP-1964-new.jpg 1682w, https:\/\/www.pierre-isorni.fr\/wp-content\/uploads\/2017\/01\/SP-1964-new-300x296.jpg 300w, https:\/\/www.pierre-isorni.fr\/wp-content\/uploads\/2017\/01\/SP-1964-new-768x759.jpg 768w, https:\/\/www.pierre-isorni.fr\/wp-content\/uploads\/2017\/01\/SP-1964-new-1024x1012.jpg 1024w\" sizes=\"auto, (max-width: 1682px) 100vw, 1682px\" \/><\/p>\n<p>\u00a0<\/p>\n<p><img loading=\"lazy\" decoding=\"async\" class=\"alignnone size-full wp-image-2846\" src=\"http:\/\/www.pierre-isorni.fr\/wp-content\/uploads\/2017\/01\/SP-1964-2-new.jpg\" alt=\"SP 1964 2 new\" width=\"1674\" height=\"1670\" srcset=\"https:\/\/www.pierre-isorni.fr\/wp-content\/uploads\/2017\/01\/SP-1964-2-new.jpg 1674w, https:\/\/www.pierre-isorni.fr\/wp-content\/uploads\/2017\/01\/SP-1964-2-new-150x150.jpg 150w, https:\/\/www.pierre-isorni.fr\/wp-content\/uploads\/2017\/01\/SP-1964-2-new-300x300.jpg 300w, https:\/\/www.pierre-isorni.fr\/wp-content\/uploads\/2017\/01\/SP-1964-2-new-768x766.jpg 768w, https:\/\/www.pierre-isorni.fr\/wp-content\/uploads\/2017\/01\/SP-1964-2-new-1024x1022.jpg 1024w\" sizes=\"auto, (max-width: 1674px) 100vw, 1674px\" \/><\/p>\n<span class=\"\" style=\"display:block;clear:both;height: 0px;padding-top: 30px;border-top-width:0px;border-bottom-width:0px;\"><\/span>\n<\/div>\n<\/div><\/div><div id=\"panel-2829-9-0-1\" class=\"so-panel widget widget_sow-editor\" data-index=\"11\" ><div\n\t\t\t\n\t\t\tclass=\"so-widget-sow-editor so-widget-sow-editor-base\"\n\t\t\t\n\t\t><h3 class=\"widget-title\">Pierre et Julien Green \u00e0 la Broquette<\/h3>\n<div class=\"siteorigin-widget-tinymce textwidget\">\n\t<p><img loading=\"lazy\" decoding=\"async\" class=\"alignnone size-full wp-image-2838\" src=\"http:\/\/www.pierre-isorni.fr\/wp-content\/uploads\/2017\/01\/Pierre-et-Julien-Green-new.jpg\" alt=\"Pierre et Julien Green new\" width=\"1432\" height=\"1438\" srcset=\"https:\/\/www.pierre-isorni.fr\/wp-content\/uploads\/2017\/01\/Pierre-et-Julien-Green-new.jpg 1432w, https:\/\/www.pierre-isorni.fr\/wp-content\/uploads\/2017\/01\/Pierre-et-Julien-Green-new-150x150.jpg 150w, https:\/\/www.pierre-isorni.fr\/wp-content\/uploads\/2017\/01\/Pierre-et-Julien-Green-new-300x300.jpg 300w, https:\/\/www.pierre-isorni.fr\/wp-content\/uploads\/2017\/01\/Pierre-et-Julien-Green-new-768x771.jpg 768w, https:\/\/www.pierre-isorni.fr\/wp-content\/uploads\/2017\/01\/Pierre-et-Julien-Green-new-1020x1024.jpg 1020w\" sizes=\"auto, (max-width: 1432px) 100vw, 1432px\" \/><\/p>\n<p>\u00a0<\/p>\n<p>\u00a0<\/p>\n<p>\u00a0<\/p>\n<p>\u00a0<\/p>\n<p>\u00a0<\/p>\n<p><img loading=\"lazy\" decoding=\"async\" class=\"alignnone size-full wp-image-2839\" src=\"http:\/\/www.pierre-isorni.fr\/wp-content\/uploads\/2017\/01\/Pierre-J-new.jpg\" alt=\"Pierre J new\" width=\"2795\" height=\"2043\" srcset=\"https:\/\/www.pierre-isorni.fr\/wp-content\/uploads\/2017\/01\/Pierre-J-new.jpg 2795w, https:\/\/www.pierre-isorni.fr\/wp-content\/uploads\/2017\/01\/Pierre-J-new-300x219.jpg 300w, https:\/\/www.pierre-isorni.fr\/wp-content\/uploads\/2017\/01\/Pierre-J-new-768x561.jpg 768w, https:\/\/www.pierre-isorni.fr\/wp-content\/uploads\/2017\/01\/Pierre-J-new-1024x748.jpg 1024w\" sizes=\"auto, (max-width: 2795px) 100vw, 2795px\" \/><\/p>\n<span class=\"\" style=\"display:block;clear:both;height: 0px;padding-top: 30px;border-top-width:0px;border-bottom-width:0px;\"><\/span>\n<\/div>\n<\/div><\/div><div id=\"panel-2829-9-0-2\" class=\"so-panel widget widget_sow-editor\" data-index=\"12\" ><div\n\t\t\t\n\t\t\tclass=\"so-widget-sow-editor so-widget-sow-editor-base\"\n\t\t\t\n\t\t><h3 class=\"widget-title\">L'atelier de Paris<\/h3>\n<div class=\"siteorigin-widget-tinymce textwidget\">\n\t<p><img loading=\"lazy\" decoding=\"async\" class=\"alignnone size-full wp-image-2836\" src=\"http:\/\/www.pierre-isorni.fr\/wp-content\/uploads\/2017\/01\/Pierre-atelier-Paris-new.jpg\" alt=\"Pierre atelier Paris new\" width=\"1032\" height=\"1535\" srcset=\"https:\/\/www.pierre-isorni.fr\/wp-content\/uploads\/2017\/01\/Pierre-atelier-Paris-new.jpg 1032w, https:\/\/www.pierre-isorni.fr\/wp-content\/uploads\/2017\/01\/Pierre-atelier-Paris-new-202x300.jpg 202w, https:\/\/www.pierre-isorni.fr\/wp-content\/uploads\/2017\/01\/Pierre-atelier-Paris-new-768x1142.jpg 768w, https:\/\/www.pierre-isorni.fr\/wp-content\/uploads\/2017\/01\/Pierre-atelier-Paris-new-688x1024.jpg 688w\" sizes=\"auto, (max-width: 1032px) 100vw, 1032px\" \/><\/p>\n<span class=\"\" style=\"display:block;clear:both;height: 0px;padding-top: 30px;border-top-width:0px;border-bottom-width:0px;\"><\/span>\n<\/div>\n<\/div><\/div><div id=\"panel-2829-9-0-3\" class=\"so-panel widget widget_sow-editor\" data-index=\"13\" ><div\n\t\t\t\n\t\t\tclass=\"so-widget-sow-editor so-widget-sow-editor-base\"\n\t\t\t\n\t\t><h3 class=\"widget-title\">La peinture<\/h3>\n<div class=\"siteorigin-widget-tinymce textwidget\">\n\t<p><img loading=\"lazy\" decoding=\"async\" class=\"alignnone size-full wp-image-2842\" src=\"http:\/\/www.pierre-isorni.fr\/wp-content\/uploads\/2017\/01\/Pierre-peinture-new.jpg\" alt=\"Pierre peinture new\" width=\"934\" height=\"918\" srcset=\"https:\/\/www.pierre-isorni.fr\/wp-content\/uploads\/2017\/01\/Pierre-peinture-new.jpg 934w, https:\/\/www.pierre-isorni.fr\/wp-content\/uploads\/2017\/01\/Pierre-peinture-new-300x295.jpg 300w, https:\/\/www.pierre-isorni.fr\/wp-content\/uploads\/2017\/01\/Pierre-peinture-new-768x755.jpg 768w\" sizes=\"auto, (max-width: 934px) 100vw, 934px\" \/><\/p>\n<span class=\"\" style=\"display:block;clear:both;height: 0px;padding-top: 30px;border-top-width:0px;border-bottom-width:0px;\"><\/span>\n<\/div>\n<\/div><\/div><div id=\"panel-2829-9-0-4\" class=\"so-panel widget widget_sow-editor panel-last-child\" data-index=\"14\" ><div\n\t\t\t\n\t\t\tclass=\"so-widget-sow-editor so-widget-sow-editor-base\"\n\t\t\t\n\t\t><h3 class=\"widget-title\">Seine-Port 1975<\/h3>\n<div class=\"siteorigin-widget-tinymce textwidget\">\n\t<p><img loading=\"lazy\" decoding=\"async\" class=\"alignnone size-full wp-image-2845\" src=\"http:\/\/www.pierre-isorni.fr\/wp-content\/uploads\/2017\/01\/Seine-port-1975-Kopie.jpg\" alt=\"Seine port 1975 - Kopie\" width=\"1023\" height=\"1422\" srcset=\"https:\/\/www.pierre-isorni.fr\/wp-content\/uploads\/2017\/01\/Seine-port-1975-Kopie.jpg 1023w, https:\/\/www.pierre-isorni.fr\/wp-content\/uploads\/2017\/01\/Seine-port-1975-Kopie-216x300.jpg 216w, https:\/\/www.pierre-isorni.fr\/wp-content\/uploads\/2017\/01\/Seine-port-1975-Kopie-768x1068.jpg 768w, https:\/\/www.pierre-isorni.fr\/wp-content\/uploads\/2017\/01\/Seine-port-1975-Kopie-737x1024.jpg 737w\" sizes=\"auto, (max-width: 1023px) 100vw, 1023px\" \/><\/p>\n<span class=\"\" style=\"display:block;clear:both;height: 0px;padding-top: 30px;border-top-width:0px;border-bottom-width:0px;\"><\/span>\n<\/div>\n<\/div><\/div><\/div><\/div><\/div>","protected":false},"excerpt":{"rendered":"<p>Pierre Isorni 1928 Villers sur Mer \u00e0 l&rsquo;atelier La dr\u00f4le de guerre ( 1939 ) Anniversaire Pierre Isorni avec George Desvalli\u00e8res ( mine de phosphate d&rsquo;Alsace ) Alsace Pierre Isorni avec George Desvalli\u00e8res Pierre et Flavie Pierre Isorni \u00e0 Seine-Port \u00e0 la Broquette 1957 L&rsquo;atelier Pierre Isorni dans son atelier 1962 \u00e0 Paris Pierre Isorni [&hellip;]<\/p>\n","protected":false},"author":1,"featured_media":0,"parent":0,"menu_order":0,"comment_status":"closed","ping_status":"closed","template":"","meta":{"footnotes":""},"class_list":["post-2829","page","type-page","status-publish","hentry","post"],"_links":{"self":[{"href":"https:\/\/www.pierre-isorni.fr\/index.php?rest_route=\/wp\/v2\/pages\/2829","targetHints":{"allow":["GET"]}}],"collection":[{"href":"https:\/\/www.pierre-isorni.fr\/index.php?rest_route=\/wp\/v2\/pages"}],"about":[{"href":"https:\/\/www.pierre-isorni.fr\/index.php?rest_route=\/wp\/v2\/types\/page"}],"author":[{"embeddable":true,"href":"https:\/\/www.pierre-isorni.fr\/index.php?rest_route=\/wp\/v2\/users\/1"}],"replies":[{"embeddable":true,"href":"https:\/\/www.pierre-isorni.fr\/index.php?rest_route=%2Fwp%2Fv2%2Fcomments&post=2829"}],"version-history":[{"count":14,"href":"https:\/\/www.pierre-isorni.fr\/index.php?rest_route=\/wp\/v2\/pages\/2829\/revisions"}],"predecessor-version":[{"id":2866,"href":"https:\/\/www.pierre-isorni.fr\/index.php?rest_route=\/wp\/v2\/pages\/2829\/revisions\/2866"}],"wp:attachment":[{"href":"https:\/\/www.pierre-isorni.fr\/index.php?rest_route=%2Fwp%2Fv2%2Fmedia&parent=2829"}],"curies":[{"name":"wp","href":"https:\/\/api.w.org\/{rel}","templated":true}]}}